{"id":223224,"date":"2022-05-06T10:55:29","date_gmt":"2022-05-06T10:55:29","guid":{"rendered":"https:\/\/somsuport.cat\/contacto\/"},"modified":"2023-06-16T11:52:20","modified_gmt":"2023-06-16T11:52:20","slug":"contacto","status":"publish","type":"page","link":"https:\/\/somsuport.cat\/es\/contacto\/","title":{"rendered":"Contacto"},"content":{"rendered":"<p>[et_pb_section fb_built=\u00bb1&#8243; _builder_version=\u00bb4.17.6&#8243; _module_preset=\u00bbdefault\u00bb custom_padding=\u00bb64px||64px||true|\u00bb global_colors_info=\u00bb{}\u00bb][et_pb_row column_structure=\u00bb1_3,2_3&#8243; use_custom_gutter=\u00bbon\u00bb gutter_width=\u00bb2&#8243; make_equal=\u00bbon\u00bb _builder_version=\u00bb4.17.6&#8243; _module_preset=\u00bbdefault\u00bb custom_padding=\u00bb||13px|||\u00bb global_colors_info=\u00bb{}\u00bb][et_pb_column type=\u00bb1_3&#8243; _builder_version=\u00bb4.17.6&#8243; _module_preset=\u00bbdefault\u00bb global_colors_info=\u00bb{}\u00bb][et_pb_text _builder_version=\u00bb4.18.0&#8243; _module_preset=\u00bbdefault\u00bb text_font=\u00bbSanchez||||||||\u00bb text_text_color=\u00bb#009ABF\u00bb text_font_size=\u00bb45px\u00bb text_line_height=\u00bb1.5em\u00bb animation_style=\u00bbslide\u00bb animation_direction=\u00bbleft\u00bb text_font_size_tablet=\u00bb40px\u00bb text_font_size_phone=\u00bb35px\u00bb text_font_size_last_edited=\u00bbon|phone\u00bb global_colors_info=\u00bb{}\u00bb]<\/p>\n<p><span style=\"font-weight: 400;\">Contacta con nosotros<\/span><\/p>\n<p>[\/et_pb_text][\/et_pb_column][et_pb_column type=\u00bb2_3&#8243; _builder_version=\u00bb4.17.6&#8243; _module_preset=\u00bbdefault\u00bb global_colors_info=\u00bb{}\u00bb][\/et_pb_column][\/et_pb_row][et_pb_row column_structure=\u00bb1_2,1_2&#8243; use_custom_gutter=\u00bbon\u00bb make_equal=\u00bbon\u00bb _builder_version=\u00bb4.18.0&#8243; _module_preset=\u00bbdefault\u00bb global_colors_info=\u00bb{}\u00bb][et_pb_column type=\u00bb1_2&#8243; _builder_version=\u00bb4.17.6&#8243; _module_preset=\u00bbdefault\u00bb background_image=\u00bbhttps:\/\/somsuport.cat\/wp-content\/uploads\/2022\/07\/Fons-text.png\u00bb background_size=\u00bbstretch\u00bb global_colors_info=\u00bb{}\u00bb][et_pb_text _builder_version=\u00bb4.18.0&#8243; _module_preset=\u00bbdefault\u00bb text_font=\u00bbSanchez|700|||||||\u00bb custom_margin=\u00bb||15px||false|false\u00bb custom_padding=\u00bb15px|50px||50px|false|true\u00bb animation_style=\u00bbfade\u00bb global_colors_info=\u00bb{}\u00bb]<\/p>\n<p>Tel\u00e9fono:<br \/><a href=\"tel:937277055\"><span style=\"color: #009abf;\"><strong>93 727 70 55<\/strong><\/span><\/a><\/p>\n<p>[\/et_pb_text][et_pb_text _builder_version=\u00bb4.18.0&#8243; _module_preset=\u00bbdefault\u00bb text_font=\u00bbSanchez|700|||||||\u00bb custom_margin=\u00bb||15px||false|false\u00bb custom_padding=\u00bb5px|50px||50px|false|true\u00bb animation_style=\u00bbfade\u00bb global_colors_info=\u00bb{}\u00bb]<\/p>\n<p>Fax:<br \/><span style=\"color: #009abf;\"><strong>93 854 60 70<\/strong><\/span><\/p>\n<p>[\/et_pb_text][et_pb_text _builder_version=\u00bb4.18.0&#8243; _module_preset=\u00bbdefault\u00bb text_font=\u00bbSanchez|700|||||||\u00bb custom_margin=\u00bb||15px||false|false\u00bb custom_padding=\u00bb5px|50px||50px|false|true\u00bb animation_style=\u00bbfade\u00bb global_colors_info=\u00bb{}\u00bb]<\/p>\n<p>Correo electr\u00f3nico<br \/><a href=\"mailto:info@somsuport.cat\" target=\"_blank\" rel=\"noopener\"><span style=\"color: #009abf;\"><strong>info@somsuport.cat<\/strong><\/span><\/a><\/p>\n<p>[\/et_pb_text][et_pb_text _builder_version=\u00bb4.18.0&#8243; _module_preset=\u00bbdefault\u00bb text_font=\u00bbSanchez|700|||||||\u00bb custom_margin=\u00bb||15px||false|false\u00bb custom_padding=\u00bb5px|50px||50px|false|true\u00bb animation_style=\u00bbfade\u00bb global_colors_info=\u00bb{}\u00bb]<\/p>\n<p>P\u00e1gina web:<br \/><span style=\"color: #009abf;\"><strong>www.somsuport.cat<\/strong><\/span><\/p>\n<p>[\/et_pb_text][et_pb_text _builder_version=\u00bb4.18.0&#8243; _module_preset=\u00bbdefault\u00bb text_font=\u00bbSanchez|700|||||||\u00bb custom_margin=\u00bb||15px||false|false\u00bb custom_padding=\u00bb5px|50px||50px|false|true\u00bb animation_style=\u00bbfade\u00bb global_colors_info=\u00bb{}\u00bb]<\/p>\n<p>CIF:<br \/><span style=\"color: #009abf;\"><strong>G-61017042<\/strong><\/span> <span style=\"color: #009abf;\">Inscrita en el Registre de Fundacions de la Generalitat con el n\u00famero 979.<\/span><\/p>\n<p>[\/et_pb_text][\/et_pb_column][et_pb_column type=\u00bb1_2&#8243; _builder_version=\u00bb4.17.6&#8243; _module_preset=\u00bbdefault\u00bb background_image=\u00bbhttps:\/\/somsuport.cat\/wp-content\/uploads\/2022\/07\/Fons-text-2.png\u00bb background_size=\u00bbstretch\u00bb global_colors_info=\u00bb{}\u00bb][et_pb_text _builder_version=\u00bb4.19.0&#8243; _module_preset=\u00bbdefault\u00bb text_font=\u00bbSanchez|700|||||||\u00bb custom_margin=\u00bb||15px||false|false\u00bb custom_padding=\u00bb15px|50px||50px|false|true\u00bb animation_style=\u00bbfade\u00bb global_colors_info=\u00bb{}\u00bb]<\/p>\n<p><span style=\"color: #009abf;\"><strong><span style=\"color: #4f4f4e;\">Direcci\u00f3n:<\/span><\/strong><br \/><strong>Som Suport Fundaci\u00f3<\/strong><br \/><strong>c. Les Valls 28, 1r 2a<br \/>08201 Sabadell (Barcelona)<\/strong><\/span><\/p>\n<p>[\/et_pb_text][et_pb_text _builder_version=\u00bb4.18.0&#8243; _module_preset=\u00bbdefault\u00bb text_font=\u00bbSanchez|700|||||||\u00bb custom_padding=\u00bb5px|50px||50px|false|true\u00bb animation_style=\u00bbfade\u00bb global_colors_info=\u00bb{}\u00bb]<\/p>\n<p><span style=\"font-weight: 400;\">Horario de atenci\u00f3n al p\u00fablico:<\/span><br \/><span style=\"color: #009abf;\"><strong>de lunes a jueves:<br \/>de 8:00 a 17:00<\/strong><\/span><\/p>\n<p><span style=\"color: #009abf;\"><strong>viernes:<br \/>de 8:00 a 15:00<\/strong><\/span><\/p>\n<p>[\/et_pb_text][\/et_pb_column][\/et_pb_row][et_pb_row _builder_version=\u00bb4.18.0&#8243; _module_preset=\u00bbdefault\u00bb global_colors_info=\u00bb{}\u00bb][et_pb_column type=\u00bb4_4&#8243; _builder_version=\u00bb4.18.0&#8243; _module_preset=\u00bbdefault\u00bb global_colors_info=\u00bb{}\u00bb][et_pb_code _builder_version=\u00bb4.18.0&#8243; _module_preset=\u00bbdefault\u00bb animation_style=\u00bbfade\u00bb global_colors_info=\u00bb{}\u00bb]<pee><iframe style=\"border: 0;\" data-src=\"https:\/\/www.google.com\/maps\/embed?pb=!1m18!1m12!1m3!1d2510.870644284445!2d2.105792629657675!3d41.54878299783076!2m3!1f0!2f0!3f0!3m2!1i1024!2i768!4f13.1!3m3!1m2!1s0x12a495024035f733%3A0x7a6c907f4a8d283d!2sFundaci%C3%B3%20Privada%20Tutelar%20Familia%20I%20Societat!5e0!3m2!1ses!2ses!4v1666733388981!5m2!1ses!2ses\" width=\"1200\" height=\"450\" allowfullscreen=\"allowfullscreen\" src=\"data:image\/svg+xml;base64,PHN2ZyB3aWR0aD0iMSIgaGVpZ2h0PSIxIiB4bWxucz0iaHR0cDovL3d3dy53My5vcmcvMjAwMC9zdmciPjwvc3ZnPg==\" class=\"lazyload\" data-load-mode=\"1\"><\/iframe><\/pee>[\/et_pb_code][\/et_pb_column][\/et_pb_row][\/et_pb_section][et_pb_section fb_built=\u00bb1&#8243; _builder_version=\u00bb4.17.6&#8243; _module_preset=\u00bbdefault\u00bb custom_padding=\u00bb49px|||||\u00bb global_colors_info=\u00bb{}\u00bb][et_pb_row column_structure=\u00bb1_2,1_2&#8243; _builder_version=\u00bb4.18.0&#8243; _module_preset=\u00bbdefault\u00bb custom_padding=\u00bb3px||0px|||\u00bb global_colors_info=\u00bb{}\u00bb][et_pb_column type=\u00bb1_2&#8243; _builder_version=\u00bb4.17.6&#8243; _module_preset=\u00bbdefault\u00bb global_colors_info=\u00bb{}\u00bb][et_pb_text _builder_version=\u00bb4.18.0&#8243; _module_preset=\u00bbdefault\u00bb text_font=\u00bbSanchez|700|||||||\u00bb text_text_color=\u00bb#009ABF\u00bb text_font_size=\u00bb20px\u00bb text_line_height=\u00bb1.1em\u00bb animation_style=\u00bbslide\u00bb animation_direction=\u00bbleft\u00bb global_colors_info=\u00bb{}\u00bb]<\/p>\n<p><span style=\"font-weight: 400;\">Nos puede hacer llegar sus comentarios, sugerencias o hacernos consultas sobre cualquier tema relacionado con el funcionamiento de la Fundaci\u00f3, mediante el siguiente formulario:<\/span><\/p>\n<p>[\/et_pb_text][et_pb_image src=\u00bbhttps:\/\/somsuport.cat\/wp-content\/uploads\/2022\/09\/Mesa-de-trabajo-1.png\u00bb title_text=\u00bbMesa de trabajo 1&#8243; align=\u00bbcenter\u00bb _builder_version=\u00bb4.18.0&#8243; _module_preset=\u00bbdefault\u00bb width=\u00bb60%\u00bb animation_style=\u00bbzoom\u00bb global_colors_info=\u00bb{}\u00bb][\/et_pb_image][\/et_pb_column][et_pb_column type=\u00bb1_2&#8243; _builder_version=\u00bb4.17.6&#8243; _module_preset=\u00bbdefault\u00bb global_colors_info=\u00bb{}\u00bb][et_pb_contact_form email=\u00bbinfo@somsuport.cat\u00bb success_message=\u00bb\u00a1Gracias por tu mensaje! Te responderemos lo antes posible.\u00bb submit_button_text=\u00bbEnviar\u00bb _builder_version=\u00bb4.21.0&#8243; _module_preset=\u00bbdefault\u00bb _unique_id=\u00bba4bc2a5b-e64b-4dfe-9ada-390126af3876&#8243; form_field_background_color=\u00bb#FFFFFF\u00bb form_field_text_color=\u00bb#000000&#8243; form_field_focus_background_color=\u00bb#FFFFFF\u00bb form_field_focus_text_color=\u00bb#000000&#8243; form_field_font=\u00bbSanchez|700|||||||\u00bb form_field_font_size=\u00bb18px\u00bb custom_button=\u00bbon\u00bb button_text_color=\u00bb#FFFFFF\u00bb button_bg_color=\u00bb#000000&#8243; hover_enabled=\u00bb0&#8243; border_width_bottom=\u00bb2px\u00bb global_colors_info=\u00bb{}\u00bb sticky_enabled=\u00bb0&#8243;][et_pb_contact_field field_id=\u00bbNom\u00bb field_title=\u00bbNombre y apellidos\u00bb fullwidth_field=\u00bbon\u00bb _builder_version=\u00bb4.18.0&#8243; form_field_font=\u00bbSanchez||||||||\u00bb global_colors_info=\u00bb{}\u00bb button_text_size__hover_enabled=\u00bboff\u00bb button_one_text_size__hover_enabled=\u00bboff\u00bb button_two_text_size__hover_enabled=\u00bboff\u00bb button_text_color__hover_enabled=\u00bboff\u00bb button_one_text_color__hover_enabled=\u00bboff\u00bb button_two_text_color__hover_enabled=\u00bboff\u00bb button_border_width__hover_enabled=\u00bboff\u00bb button_one_border_width__hover_enabled=\u00bboff\u00bb button_two_border_width__hover_enabled=\u00bboff\u00bb button_border_color__hover_enabled=\u00bboff\u00bb button_one_border_color__hover_enabled=\u00bboff\u00bb button_two_border_color__hover_enabled=\u00bboff\u00bb button_border_radius__hover_enabled=\u00bboff\u00bb button_one_border_radius__hover_enabled=\u00bboff\u00bb button_two_border_radius__hover_enabled=\u00bboff\u00bb button_letter_spacing__hover_enabled=\u00bboff\u00bb button_one_letter_spacing__hover_enabled=\u00bboff\u00bb button_two_letter_spacing__hover_enabled=\u00bboff\u00bb button_bg_color__hover_enabled=\u00bboff\u00bb button_one_bg_color__hover_enabled=\u00bboff\u00bb button_two_bg_color__hover_enabled=\u00bboff\u00bb][\/et_pb_contact_field][et_pb_contact_field field_id=\u00bbEmail_2&#8243; field_title=\u00bbCorreo electr\u00f3nico\u00bb field_type=\u00bbemail\u00bb fullwidth_field=\u00bbon\u00bb _builder_version=\u00bb4.21.0&#8243; _module_preset=\u00bbdefault\u00bb global_colors_info=\u00bb{}\u00bb][\/et_pb_contact_field][et_pb_contact_field field_id=\u00bbTel\u00e9fono\u00bb field_title=\u00bbTel\u00e9fono\u00bb fullwidth_field=\u00bbon\u00bb _builder_version=\u00bb4.21.0&#8243; _module_preset=\u00bbdefault\u00bb global_colors_info=\u00bb{}\u00bb][\/et_pb_contact_field][et_pb_contact_field field_id=\u00bbMissatge\u00bb field_title=\u00bbMensaje\u00bb field_type=\u00bbtext\u00bb fullwidth_field=\u00bbon\u00bb _builder_version=\u00bb4.21.0&#8243; form_field_font=\u00bbSanchez||||||||\u00bb global_colors_info=\u00bb{}\u00bb button_text_size__hover_enabled=\u00bboff\u00bb button_one_text_size__hover_enabled=\u00bboff\u00bb button_two_text_size__hover_enabled=\u00bboff\u00bb button_text_color__hover_enabled=\u00bboff\u00bb button_one_text_color__hover_enabled=\u00bboff\u00bb button_two_text_color__hover_enabled=\u00bboff\u00bb button_border_width__hover_enabled=\u00bboff\u00bb button_one_border_width__hover_enabled=\u00bboff\u00bb button_two_border_width__hover_enabled=\u00bboff\u00bb button_border_color__hover_enabled=\u00bboff\u00bb button_one_border_color__hover_enabled=\u00bboff\u00bb button_two_border_color__hover_enabled=\u00bboff\u00bb button_border_radius__hover_enabled=\u00bboff\u00bb button_one_border_radius__hover_enabled=\u00bboff\u00bb button_two_border_radius__hover_enabled=\u00bboff\u00bb button_letter_spacing__hover_enabled=\u00bboff\u00bb button_one_letter_spacing__hover_enabled=\u00bboff\u00bb button_two_letter_spacing__hover_enabled=\u00bboff\u00bb button_bg_color__hover_enabled=\u00bboff\u00bb button_one_bg_color__hover_enabled=\u00bboff\u00bb button_two_bg_color__hover_enabled=\u00bboff\u00bb][\/et_pb_contact_field][et_pb_contact_field field_id=\u00bbField_4&#8243; field_title=\u00bb \u00bb field_type=\u00bbcheckbox\u00bb checkbox_options=\u00bb%91{%22value%22:%22He leido y acepto la%22,%22checked%22:0,%22dragID%22:-1,%22link_url%22:%22https:\/\/somsuport.cat\/politica-privacitat%22,%22link_text%22:%22Pol\u00edtica de Privacidad%22}%93&#8243; fullwidth_field=\u00bbon\u00bb _builder_version=\u00bb4.18.0&#8243; _module_preset=\u00bbdefault\u00bb form_field_font=\u00bbSanchez||||||||\u00bb form_field_font_size=\u00bb14px\u00bb border_width_all=\u00bb2px\u00bb global_colors_info=\u00bb{}\u00bb][\/et_pb_contact_field][\/et_pb_contact_form][\/et_pb_column][\/et_pb_row][\/et_pb_section]<\/p>\n","protected":false},"excerpt":{"rendered":"<p>Contacta con nosotrosTel\u00e9fono:93 727 70 55Fax:93 854 60 70Correo electr\u00f3nicoinfo@somsuport.catP\u00e1gina web:www.somsuport.catCIF:G-61017042 Inscrita en el Registre de Fundacions de la Generalitat con el n\u00famero 979.Direcci\u00f3n:Som Suport Fundaci\u00f3c. Les Valls 28, 1r 2a08201 Sabadell (Barcelona)Horario de atenci\u00f3n al p\u00fablico:de lunes a jueves:de 8:00 a 17:00 viernes:de 8:00 a 15:00Nos puede hacer llegar sus comentarios, sugerencias o hacernos [&hellip;]<\/p>\n","protected":false},"author":1,"featured_media":0,"parent":0,"menu_order":0,"comment_status":"closed","ping_status":"closed","template":"","meta":{"_et_pb_use_builder":"on","_et_pb_old_content":"","_et_gb_content_width":"","footnotes":""},"class_list":["post-223224","page","type-page","status-publish","hentry"],"yoast_head":"<!-- This site is optimized with the Yoast SEO plugin v25.5 - https:\/\/yoast.com\/wordpress\/plugins\/seo\/ -->\n<title>Contacto - Som Suport Fundaci\u00f3<\/title>\n<meta name=\"robots\" content=\"index, follow, max-snippet:-1, max-image-preview:large, max-video-preview:-1\" \/>\n<link rel=\"canonical\" href=\"https:\/\/somsuport.cat\/es\/contacto\/\" \/>\n<meta property=\"og:locale\" content=\"es_ES\" \/>\n<meta property=\"og:type\" content=\"article\" \/>\n<meta property=\"og:title\" content=\"Contacto - Som Suport Fundaci\u00f3\" \/>\n<meta property=\"og:description\" content=\"Contacta con nosotrosTel\u00e9fono:93 727 70 55Fax:93 854 60 70Correo electr\u00f3nicoinfo@somsuport.catP\u00e1gina web:www.somsuport.catCIF:G-61017042 Inscrita en el Registre de Fundacions de la Generalitat con el n\u00famero 979.Direcci\u00f3n:Som Suport Fundaci\u00f3c. Les Valls 28, 1r 2a08201 Sabadell (Barcelona)Horario de atenci\u00f3n al p\u00fablico:de lunes a jueves:de 8:00 a 17:00 viernes:de 8:00 a 15:00Nos puede hacer llegar sus comentarios, sugerencias o hacernos [&hellip;]\" \/>\n<meta property=\"og:url\" content=\"https:\/\/somsuport.cat\/es\/contacto\/\" \/>\n<meta property=\"og:site_name\" content=\"Som Suport Fundaci\u00f3\" \/>\n<meta property=\"article:publisher\" content=\"https:\/\/www.facebook.com\/somsuportfundacio\" \/>\n<meta property=\"article:modified_time\" content=\"2023-06-16T11:52:20+00:00\" \/>\n<meta name=\"twitter:card\" content=\"summary_large_image\" \/>\n<meta name=\"twitter:label1\" content=\"Tiempo de lectura\" \/>\n\t<meta name=\"twitter:data1\" content=\"6 minutos\" \/>\n<script type=\"application\/ld+json\" class=\"yoast-schema-graph\">{\"@context\":\"https:\/\/schema.org\",\"@graph\":[{\"@type\":\"WebPage\",\"@id\":\"https:\/\/somsuport.cat\/es\/contacto\/\",\"url\":\"https:\/\/somsuport.cat\/es\/contacto\/\",\"name\":\"Contacto - Som Suport Fundaci\u00f3\",\"isPartOf\":{\"@id\":\"https:\/\/somsuport.cat\/es\/#website\"},\"datePublished\":\"2022-05-06T10:55:29+00:00\",\"dateModified\":\"2023-06-16T11:52:20+00:00\",\"breadcrumb\":{\"@id\":\"https:\/\/somsuport.cat\/es\/contacto\/#breadcrumb\"},\"inLanguage\":\"es\",\"potentialAction\":[{\"@type\":\"ReadAction\",\"target\":[\"https:\/\/somsuport.cat\/es\/contacto\/\"]}]},{\"@type\":\"BreadcrumbList\",\"@id\":\"https:\/\/somsuport.cat\/es\/contacto\/#breadcrumb\",\"itemListElement\":[{\"@type\":\"ListItem\",\"position\":1,\"name\":\"Inici\",\"item\":\"https:\/\/somsuport.cat\/es\/\"},{\"@type\":\"ListItem\",\"position\":2,\"name\":\"Contacto\"}]},{\"@type\":\"WebSite\",\"@id\":\"https:\/\/somsuport.cat\/es\/#website\",\"url\":\"https:\/\/somsuport.cat\/es\/\",\"name\":\"Som Suport Fundaci\u00f3\",\"description\":\"Donem suport a les persones amb discapacitat intel\u00b7lectual\",\"publisher\":{\"@id\":\"https:\/\/somsuport.cat\/es\/#organization\"},\"potentialAction\":[{\"@type\":\"SearchAction\",\"target\":{\"@type\":\"EntryPoint\",\"urlTemplate\":\"https:\/\/somsuport.cat\/es\/?s={search_term_string}\"},\"query-input\":{\"@type\":\"PropertyValueSpecification\",\"valueRequired\":true,\"valueName\":\"search_term_string\"}}],\"inLanguage\":\"es\"},{\"@type\":\"Organization\",\"@id\":\"https:\/\/somsuport.cat\/es\/#organization\",\"name\":\"Som Suport Fundaci\u00f3\",\"alternateName\":\"Som SUport\",\"url\":\"https:\/\/somsuport.cat\/es\/\",\"logo\":{\"@type\":\"ImageObject\",\"inLanguage\":\"es\",\"@id\":\"https:\/\/somsuport.cat\/es\/#\/schema\/logo\/image\/\",\"url\":\"https:\/\/somsuport.cat\/wp-content\/uploads\/2022\/05\/image001.png\",\"contentUrl\":\"https:\/\/somsuport.cat\/wp-content\/uploads\/2022\/05\/image001.png\",\"width\":615,\"height\":350,\"caption\":\"Som Suport Fundaci\u00f3\"},\"image\":{\"@id\":\"https:\/\/somsuport.cat\/es\/#\/schema\/logo\/image\/\"},\"sameAs\":[\"https:\/\/www.facebook.com\/somsuportfundacio\",\"https:\/\/www.instagram.com\/somsuportfundacio\",\"https:\/\/www.linkedin.com\/company\/somsuportfundacio\"]}]}<\/script>\n<!-- \/ Yoast SEO plugin. -->","yoast_head_json":{"title":"Contacto - Som Suport Fundaci\u00f3","robots":{"index":"index","follow":"follow","max-snippet":"max-snippet:-1","max-image-preview":"max-image-preview:large","max-video-preview":"max-video-preview:-1"},"canonical":"https:\/\/somsuport.cat\/es\/contacto\/","og_locale":"es_ES","og_type":"article","og_title":"Contacto - Som Suport Fundaci\u00f3","og_description":"Contacta con nosotrosTel\u00e9fono:93 727 70 55Fax:93 854 60 70Correo electr\u00f3nicoinfo@somsuport.catP\u00e1gina web:www.somsuport.catCIF:G-61017042 Inscrita en el Registre de Fundacions de la Generalitat con el n\u00famero 979.Direcci\u00f3n:Som Suport Fundaci\u00f3c. Les Valls 28, 1r 2a08201 Sabadell (Barcelona)Horario de atenci\u00f3n al p\u00fablico:de lunes a jueves:de 8:00 a 17:00 viernes:de 8:00 a 15:00Nos puede hacer llegar sus comentarios, sugerencias o hacernos [&hellip;]","og_url":"https:\/\/somsuport.cat\/es\/contacto\/","og_site_name":"Som Suport Fundaci\u00f3","article_publisher":"https:\/\/www.facebook.com\/somsuportfundacio","article_modified_time":"2023-06-16T11:52:20+00:00","twitter_card":"summary_large_image","twitter_misc":{"Tiempo de lectura":"6 minutos"},"schema":{"@context":"https:\/\/schema.org","@graph":[{"@type":"WebPage","@id":"https:\/\/somsuport.cat\/es\/contacto\/","url":"https:\/\/somsuport.cat\/es\/contacto\/","name":"Contacto - Som Suport Fundaci\u00f3","isPartOf":{"@id":"https:\/\/somsuport.cat\/es\/#website"},"datePublished":"2022-05-06T10:55:29+00:00","dateModified":"2023-06-16T11:52:20+00:00","breadcrumb":{"@id":"https:\/\/somsuport.cat\/es\/contacto\/#breadcrumb"},"inLanguage":"es","potentialAction":[{"@type":"ReadAction","target":["https:\/\/somsuport.cat\/es\/contacto\/"]}]},{"@type":"BreadcrumbList","@id":"https:\/\/somsuport.cat\/es\/contacto\/#breadcrumb","itemListElement":[{"@type":"ListItem","position":1,"name":"Inici","item":"https:\/\/somsuport.cat\/es\/"},{"@type":"ListItem","position":2,"name":"Contacto"}]},{"@type":"WebSite","@id":"https:\/\/somsuport.cat\/es\/#website","url":"https:\/\/somsuport.cat\/es\/","name":"Som Suport Fundaci\u00f3","description":"Donem suport a les persones amb discapacitat intel\u00b7lectual","publisher":{"@id":"https:\/\/somsuport.cat\/es\/#organization"},"potentialAction":[{"@type":"SearchAction","target":{"@type":"EntryPoint","urlTemplate":"https:\/\/somsuport.cat\/es\/?s={search_term_string}"},"query-input":{"@type":"PropertyValueSpecification","valueRequired":true,"valueName":"search_term_string"}}],"inLanguage":"es"},{"@type":"Organization","@id":"https:\/\/somsuport.cat\/es\/#organization","name":"Som Suport Fundaci\u00f3","alternateName":"Som SUport","url":"https:\/\/somsuport.cat\/es\/","logo":{"@type":"ImageObject","inLanguage":"es","@id":"https:\/\/somsuport.cat\/es\/#\/schema\/logo\/image\/","url":"https:\/\/somsuport.cat\/wp-content\/uploads\/2022\/05\/image001.png","contentUrl":"https:\/\/somsuport.cat\/wp-content\/uploads\/2022\/05\/image001.png","width":615,"height":350,"caption":"Som Suport Fundaci\u00f3"},"image":{"@id":"https:\/\/somsuport.cat\/es\/#\/schema\/logo\/image\/"},"sameAs":["https:\/\/www.facebook.com\/somsuportfundacio","https:\/\/www.instagram.com\/somsuportfundacio","https:\/\/www.linkedin.com\/company\/somsuportfundacio"]}]}},"_links":{"self":[{"href":"https:\/\/somsuport.cat\/es\/wp-json\/wp\/v2\/pages\/223224","targetHints":{"allow":["GET"]}}],"collection":[{"href":"https:\/\/somsuport.cat\/es\/wp-json\/wp\/v2\/pages"}],"about":[{"href":"https:\/\/somsuport.cat\/es\/wp-json\/wp\/v2\/types\/page"}],"author":[{"embeddable":true,"href":"https:\/\/somsuport.cat\/es\/wp-json\/wp\/v2\/users\/1"}],"replies":[{"embeddable":true,"href":"https:\/\/somsuport.cat\/es\/wp-json\/wp\/v2\/comments?post=223224"}],"version-history":[{"count":9,"href":"https:\/\/somsuport.cat\/es\/wp-json\/wp\/v2\/pages\/223224\/revisions"}],"predecessor-version":[{"id":223411,"href":"https:\/\/somsuport.cat\/es\/wp-json\/wp\/v2\/pages\/223224\/revisions\/223411"}],"wp:attachment":[{"href":"https:\/\/somsuport.cat\/es\/wp-json\/wp\/v2\/media?parent=223224"}],"curies":[{"name":"wp","href":"https:\/\/api.w.org\/{rel}","templated":true}]}}